{"version":"1.0","provider_name":"Tina und Toni","provider_url":"https:\/\/tinatoni.ch\/de\/","title":"Auf besondere Bed\u00fcrfnisse w\u00e4hrend der Pandemiezeit reagieren - Tina und Toni","type":"rich","width":600,"height":338,"html":"<blockquote class=\"wp-embedded-content\" data-secret=\"CFFWMs2N2i\"><a href=\"https:\/\/tinatoni.ch\/de\/auf-besondere-beduerfnisse-waehrend-der-pandemiezeit-reagieren\/\">Auf besondere Bed\u00fcrfnisse w\u00e4hrend der Pandemiezeit reagieren<\/a><\/blockquote><iframe sandbox=\"allow-scripts\" security=\"restricted\" src=\"https:\/\/tinatoni.ch\/de\/auf-besondere-beduerfnisse-waehrend-der-pandemiezeit-reagieren\/embed\/#?secret=CFFWMs2N2i\" width=\"600\" height=\"338\" title=\"&#8222;Auf besondere Bed\u00fcrfnisse w\u00e4hrend der Pandemiezeit reagieren&#8220; &#8211; Tina und Toni\" data-secret=\"CFFWMs2N2i\" frameborder=\"0\" marginwidth=\"0\" marginheight=\"0\" scrolling=\"no\" class=\"wp-embedded-content\"><\/iframe><script type=\"text\/javascript\">\n\/* <![CDATA[ *\/\n\/*! This file is auto-generated *\/\n!function(d,l){\"use strict\";l.querySelector&&d.addEventListener&&\"undefined\"!=typeof URL&&(d.wp=d.wp||{},d.wp.receiveEmbedMessage||(d.wp.receiveEmbedMessage=function(e){var t=e.data;if((t||t.secret||t.message||t.value)&&!\/[^a-zA-Z0-9]\/.test(t.secret)){for(var s,r,n,a=l.querySelectorAll('iframe[data-secret=\"'+t.secret+'\"]'),o=l.querySelectorAll('blockquote[data-secret=\"'+t.secret+'\"]'),c=new RegExp(\"^https?:$\",\"i\"),i=0;i<o.length;i++)o[i].style.display=\"none\";for(i=0;i<a.length;i++)s=a[i],e.source===s.contentWindow&&(s.removeAttribute(\"style\"),\"height\"===t.message?(1e3<(r=parseInt(t.value,10))?r=1e3:~~r<200&&(r=200),s.height=r):\"link\"===t.message&&(r=new URL(s.getAttribute(\"src\")),n=new URL(t.value),c.test(n.protocol))&&n.host===r.host&&l.activeElement===s&&(d.top.location.href=t.value))}},d.addEventListener(\"message\",d.wp.receiveEmbedMessage,!1),l.addEventListener(\"DOMContentLoaded\",function(){for(var e,t,s=l.querySelectorAll(\"iframe.wp-embedded-content\"),r=0;r<s.length;r++)(t=(e=s[r]).getAttribute(\"data-secret\"))||(t=Math.random().toString(36).substring(2,12),e.src+=\"#?secret=\"+t,e.setAttribute(\"data-secret\",t)),e.contentWindow.postMessage({message:\"ready\",secret:t},\"*\")},!1)))}(window,document);\n\/\/# sourceURL=https:\/\/tinatoni.ch\/wp-includes\/js\/wp-embed.min.js\n\/* ]]> *\/\n<\/script>\n","thumbnail_url":"https:\/\/tinatoni.ch\/wp-content\/uploads\/2022\/02\/TT_blog-pandemie.jpg","thumbnail_width":450,"thumbnail_height":280,"description":"Wie Sie Tina und Toni\u00a9 nutzen k\u00f6nnen, um auf besondere Bed\u00fcrfnisse w\u00e4hrend dieser Pandemiezeit zu reagieren Insbesondere in chaotischen Situationen, ist es wichtig, dass Kinder ihre Gef\u00fchle zum Ausdruck bringen k\u00f6nnen. Verschiedene Szenen sowie die passenden Aktivit\u00e4ten im Programm Tina und Toni\u00a9 bieten hierf\u00fcr die ideale M\u00f6glichkeit, um \u00fcber Sorgen, \u00c4ngste der Kinder zu sprechen: [&hellip;]"}